{"id":2199,"date":"2026-03-12T10:44:51","date_gmt":"2026-03-12T09:44:51","guid":{"rendered":"https:\/\/musique-47.com\/?page_id=2199"},"modified":"2026-03-20T23:33:02","modified_gmt":"2026-03-20T22:33:02","slug":"la-colophane-francaise","status":"publish","type":"page","link":"https:\/\/musique-47.com\/index.php\/la-colophane-francaise\/","title":{"rendered":"La colophane Fran\u00e7aise"},"content":{"rendered":"\t\t<div data-elementor-type=\"wp-page\" data-elementor-id=\"2199\" class=\"elementor elementor-2199\">\n\t\t\t\t\t\t<section class=\"elementor-section elementor-top-section elementor-element elementor-element-22a90f2 elementor-section-boxed elementor-section-height-default elementor-section-height-default\" data-id=\"22a90f2\" data-element_type=\"section\" data-e-type=\"section\">\n\t\t\t\t\t\t<div class=\"elementor-container elementor-column-gap-default\">\n\t\t\t\t\t<div class=\"elementor-column elementor-col-50 elementor-top-column elementor-element elementor-element-cd47999\" data-id=\"cd47999\" data-element_type=\"column\" data-e-type=\"column\">\n\t\t\t<div class=\"elementor-widget-wrap elementor-element-populated\">\n\t\t\t\t\t\t<div class=\"elementor-element elementor-element-1d38d71 elementor-widget elementor-widget-image\" data-id=\"1d38d71\" data-element_type=\"widget\" data-e-type=\"widget\" data-widget_type=\"image.default\">\n\t\t\t\t<div class=\"elementor-widget-container\">\n\t\t\t\t\t\t\t\t\t\t\t\t\t\t\t<img fetchpriority=\"high\" decoding=\"async\" width=\"998\" height=\"937\" src=\"https:\/\/musique-47.com\/wp-content\/uploads\/2026\/03\/Gemme-Expert.png\" class=\"attachment-large size-large wp-image-2328\" alt=\"\" srcset=\"https:\/\/musique-47.com\/wp-content\/uploads\/2026\/03\/Gemme-Expert.png 998w, https:\/\/musique-47.com\/wp-content\/uploads\/2026\/03\/Gemme-Expert-300x282.png 300w, https:\/\/musique-47.com\/wp-content\/uploads\/2026\/03\/Gemme-Expert-768x721.png 768w\" sizes=\"(max-width: 998px) 100vw, 998px\" \/>\t\t\t\t\t\t\t\t\t\t\t\t\t\t\t<\/div>\n\t\t\t\t<\/div>\n\t\t\t\t\t<\/div>\n\t\t<\/div>\n\t\t\t\t<div class=\"elementor-column elementor-col-50 elementor-top-column elementor-element elementor-element-a4b32bd\" data-id=\"a4b32bd\" data-element_type=\"column\" data-e-type=\"column\">\n\t\t\t<div class=\"elementor-widget-wrap elementor-element-populated\">\n\t\t\t\t\t\t<div class=\"elementor-element elementor-element-3717f26 elementor-widget elementor-widget-text-editor\" data-id=\"3717f26\" data-element_type=\"widget\" data-e-type=\"widget\" data-widget_type=\"text-editor.default\">\n\t\t\t\t<div class=\"elementor-widget-container\">\n\t\t\t\t\t\t\t\t\t<p><span style=\"color: #000000;\">Bonjour \u00e0 toutes et \u00e0 tous,<\/span><br \/><span style=\"color: #000000;\">Je me pr\u00e9sente: Sylvain Gobeil, producteur de colophanes naturelles sous le nom Gemme Expert. Je suis franco-qu\u00e9b\u00e9cois, install\u00e9 sur le bassin d\u2019Arcachon, et j\u2019ai longtemps v\u00e9cu au Canada. J\u2019ai exerc\u00e9 divers m\u00e9tiers, mais c\u2019est en participant \u00e0 la relance du gemmage en Aquitaine (l\u2019extraction artisanale de la r\u00e9sine des pins) que j\u2019ai trouv\u00e9 ma voie.<\/span><br \/><span style=\"color: #000000;\">Ayant d\u00fb mettre mon activit\u00e9 entre parenth\u00e8ses pour prendre soin de mon fils, j\u2019ai cherch\u00e9 \u00e0 d\u00e9velopper un produit de qualit\u00e9, fait maison, et qui ait du sens. C\u2019est ainsi qu\u2019est n\u00e9e ma colophane 100 % naturelle, fabriqu\u00e9e directement \u00e0 partir de la r\u00e9sine que je r\u00e9colte moi-m\u00eame. Je suis \u00e0 la fois le Gemmeur (celui qui saigne l\u2019arbre), le transformateur, et le cr\u00e9ateur de colophane pour violon, alto, violoncelle et contrebasse.<\/span><\/p><p><span style=\"color: #0000ff;\"><a style=\"color: #0000ff;\" href=\"https:\/\/www.facebook.com\/GemmeExpert\/photos?locale=fr_FR\">Suivez moi sur Facebook<\/a><\/span><\/p>\t\t\t\t\t\t\t\t<\/div>\n\t\t\t\t<\/div>\n\t\t\t\t\t<\/div>\n\t\t<\/div>\n\t\t\t\t\t<\/div>\n\t\t<\/section>\n\t\t\t\t<section class=\"elementor-section elementor-top-section elementor-element elementor-element-cd973f5 elementor-section-boxed elementor-section-height-default elementor-section-height-default\" data-id=\"cd973f5\" data-element_type=\"section\" data-e-type=\"section\">\n\t\t\t\t\t\t<div class=\"elementor-container elementor-column-gap-default\">\n\t\t\t\t\t<div class=\"elementor-column elementor-col-100 elementor-top-column elementor-element elementor-element-0601b0a\" data-id=\"0601b0a\" data-element_type=\"column\" data-e-type=\"column\">\n\t\t\t<div class=\"elementor-widget-wrap elementor-element-populated\">\n\t\t\t\t\t\t<div class=\"elementor-element elementor-element-83a2e31 elementor-widget__width-initial elementor-widget elementor-widget-text-editor\" data-id=\"83a2e31\" data-element_type=\"widget\" data-e-type=\"widget\" data-widget_type=\"text-editor.default\">\n\t\t\t\t<div class=\"elementor-widget-container\">\n\t\t\t\t\t\t\t\t\t<p style=\"text-align: center;\"><span style=\"color: #000000;\"><br>\nJe propose aux stagiaires de l&#8217;acad\u00e9mie de Tonneins 2026 un tarif de 15 \u20ac au lieu de 20\u20ac.<br>\nVotre commande sera disponible aupr\u00e8s de Pascal Apparailly \u00e0 votre arriv\u00e9e au stage le 15\/08\/2026.<br><\/span><a style=\"font-style: inherit; font-weight: inherit; background-color: #f9fafb; display: inline-block; margin: 0px 0; line-height: 1.2;\" href=\"https:\/\/musique-47.com\/index.php\/commande-colophane-francaise\/\"><strong><span style=\"color: #0000ff; font-size: 24px;\">Pour commander, c&#8217;est ICI.<\/span><\/strong><br>\n<\/a><br>\n<span style=\"color: #000000;\">Musicalement,<br>\nSylvain Gobeil<br>\nGemme Expert \u2013 Colophanes naturelles artisanales<\/span><\/p>\t\t\t\t\t\t\t\t<\/div>\n\t\t\t\t<\/div>\n\t\t\t\t\t<\/div>\n\t\t<\/div>\n\t\t\t\t\t<\/div>\n\t\t<\/section>\n\t\t\t\t<\/div>\n\t\t","protected":false},"excerpt":{"rendered":"<p>Bonjour \u00e0 toutes et \u00e0 tous,Je me pr\u00e9sente: Sylvain Gobeil, producteur de colophanes naturelles sous le nom Gemme Expert. Je suis franco-qu\u00e9b\u00e9cois, install\u00e9 sur le bassin d\u2019Arcachon, et j\u2019ai longtemps v\u00e9cu au Canada. J\u2019ai exerc\u00e9 divers m\u00e9tiers, mais c\u2019est en participant \u00e0 la relance du gemmage en Aquitaine (l\u2019extraction artisanale de la r\u00e9sine des pins) [&hellip;]<\/p>\n","protected":false},"author":2,"featured_media":0,"parent":0,"menu_order":0,"comment_status":"closed","ping_status":"closed","template":"","meta":{"site-sidebar-layout":"no-sidebar","site-content-layout":"page-builder","ast-site-content-layout":"full-width-container","site-content-style":"default","site-sidebar-style":"default","ast-global-header-display":"","ast-banner-title-visibility":"","ast-main-header-display":"","ast-hfb-above-header-display":"","ast-hfb-below-header-display":"","ast-hfb-mobile-header-display":"","site-post-title":"","ast-breadcrumbs-content":"","ast-featured-img":"disabled","footer-sml-layout":"","ast-disable-related-posts":"","theme-transparent-header-meta":"","adv-header-id-meta":"","stick-header-meta":"","header-above-stick-meta":"","header-main-stick-meta":"","header-below-stick-meta":"","astra-migrate-meta-layouts":"set","ast-page-background-enabled":"default","ast-page-background-meta":{"desktop":{"background-color":"var(--ast-global-color-4)","background-image":"","background-repeat":"repeat","background-position":"center center","background-size":"auto","background-attachment":"scroll","background-type":"","background-media":"","overlay-type":"","overlay-color":"","overlay-opacity":"","overlay-gradient":""},"tablet":{"background-color":"","background-image":"","background-repeat":"repeat","background-position":"center center","background-size":"auto","background-attachment":"scroll","background-type":"","background-media":"","overlay-type":"","overlay-color":"","overlay-opacity":"","overlay-gradient":""},"mobile":{"background-color":"","background-image":"","background-repeat":"repeat","background-position":"center center","background-size":"auto","background-attachment":"scroll","background-type":"","background-media":"","overlay-type":"","overlay-color":"","overlay-opacity":"","overlay-gradient":""}},"ast-content-background-meta":{"desktop":{"background-color":"var(--ast-global-color-5)","background-image":"","background-repeat":"repeat","background-position":"center center","background-size":"auto","background-attachment":"scroll","background-type":"","background-media":"","overlay-type":"","overlay-color":"","overlay-opacity":"","overlay-gradient":""},"tablet":{"background-color":"var(--ast-global-color-5)","background-image":"","background-repeat":"repeat","background-position":"center center","background-size":"auto","background-attachment":"scroll","background-type":"","background-media":"","overlay-type":"","overlay-color":"","overlay-opacity":"","overlay-gradient":""},"mobile":{"background-color":"var(--ast-global-color-5)","background-image":"","background-repeat":"repeat","background-position":"center center","background-size":"auto","background-attachment":"scroll","background-type":"","background-media":"","overlay-type":"","overlay-color":"","overlay-opacity":"","overlay-gradient":""}},"footnotes":""},"class_list":["post-2199","page","type-page","status-publish","hentry"],"yoast_head":"<!-- This site is optimized with the Yoast SEO plugin v27.5 - https:\/\/yoast.com\/product\/yoast-seo-wordpress\/ -->\n<title>La colophane Fran\u00e7aise - Musique de chambre et orchestres<\/title>\n<meta name=\"robots\" content=\"index, follow, max-snippet:-1, max-image-preview:large, max-video-preview:-1\" \/>\n<link rel=\"canonical\" href=\"https:\/\/musique-47.com\/index.php\/la-colophane-francaise\/\" \/>\n<meta property=\"og:locale\" content=\"fr_FR\" \/>\n<meta property=\"og:type\" content=\"article\" \/>\n<meta property=\"og:title\" content=\"La colophane Fran\u00e7aise - Musique de chambre et orchestres\" \/>\n<meta property=\"og:description\" content=\"Bonjour \u00e0 toutes et \u00e0 tous,Je me pr\u00e9sente: Sylvain Gobeil, producteur de colophanes naturelles sous le nom Gemme Expert. Je suis franco-qu\u00e9b\u00e9cois, install\u00e9 sur le bassin d\u2019Arcachon, et j\u2019ai longtemps v\u00e9cu au Canada. J\u2019ai exerc\u00e9 divers m\u00e9tiers, mais c\u2019est en participant \u00e0 la relance du gemmage en Aquitaine (l\u2019extraction artisanale de la r\u00e9sine des pins) [&hellip;]\" \/>\n<meta property=\"og:url\" content=\"https:\/\/musique-47.com\/index.php\/la-colophane-francaise\/\" \/>\n<meta property=\"og:site_name\" content=\"Musique de chambre et orchestres\" \/>\n<meta property=\"article:publisher\" content=\"https:\/\/www.facebook.com\/StagedeMusique47\/\" \/>\n<meta property=\"article:modified_time\" content=\"2026-03-20T22:33:02+00:00\" \/>\n<meta property=\"og:image\" content=\"https:\/\/musique-47.com\/wp-content\/uploads\/2026\/03\/Gemme-Expert.png\" \/>\n\t<meta property=\"og:image:width\" content=\"998\" \/>\n\t<meta property=\"og:image:height\" content=\"937\" \/>\n\t<meta property=\"og:image:type\" content=\"image\/png\" \/>\n<meta name=\"twitter:card\" content=\"summary_large_image\" \/>\n<meta name=\"twitter:label1\" content=\"Dur\u00e9e de lecture estim\u00e9e\" \/>\n\t<meta name=\"twitter:data1\" content=\"2 minutes\" \/>\n<script type=\"application\/ld+json\" class=\"yoast-schema-graph\">{\"@context\":\"https:\\\/\\\/schema.org\",\"@graph\":[{\"@type\":\"WebPage\",\"@id\":\"https:\\\/\\\/musique-47.com\\\/index.php\\\/la-colophane-francaise\\\/\",\"url\":\"https:\\\/\\\/musique-47.com\\\/index.php\\\/la-colophane-francaise\\\/\",\"name\":\"La colophane Fran\u00e7aise - Musique de chambre et orchestres\",\"isPartOf\":{\"@id\":\"https:\\\/\\\/musique-47.com\\\/#website\"},\"primaryImageOfPage\":{\"@id\":\"https:\\\/\\\/musique-47.com\\\/index.php\\\/la-colophane-francaise\\\/#primaryimage\"},\"image\":{\"@id\":\"https:\\\/\\\/musique-47.com\\\/index.php\\\/la-colophane-francaise\\\/#primaryimage\"},\"thumbnailUrl\":\"https:\\\/\\\/musique-47.com\\\/wp-content\\\/uploads\\\/2026\\\/03\\\/Gemme-Expert.png\",\"datePublished\":\"2026-03-12T09:44:51+00:00\",\"dateModified\":\"2026-03-20T22:33:02+00:00\",\"breadcrumb\":{\"@id\":\"https:\\\/\\\/musique-47.com\\\/index.php\\\/la-colophane-francaise\\\/#breadcrumb\"},\"inLanguage\":\"fr-FR\",\"potentialAction\":[{\"@type\":\"ReadAction\",\"target\":[\"https:\\\/\\\/musique-47.com\\\/index.php\\\/la-colophane-francaise\\\/\"]}]},{\"@type\":\"ImageObject\",\"inLanguage\":\"fr-FR\",\"@id\":\"https:\\\/\\\/musique-47.com\\\/index.php\\\/la-colophane-francaise\\\/#primaryimage\",\"url\":\"https:\\\/\\\/musique-47.com\\\/wp-content\\\/uploads\\\/2026\\\/03\\\/Gemme-Expert.png\",\"contentUrl\":\"https:\\\/\\\/musique-47.com\\\/wp-content\\\/uploads\\\/2026\\\/03\\\/Gemme-Expert.png\",\"width\":998,\"height\":937},{\"@type\":\"BreadcrumbList\",\"@id\":\"https:\\\/\\\/musique-47.com\\\/index.php\\\/la-colophane-francaise\\\/#breadcrumb\",\"itemListElement\":[{\"@type\":\"ListItem\",\"position\":1,\"name\":\"Accueil\",\"item\":\"https:\\\/\\\/musique-47.com\\\/\"},{\"@type\":\"ListItem\",\"position\":2,\"name\":\"La colophane Fran\u00e7aise\"}]},{\"@type\":\"WebSite\",\"@id\":\"https:\\\/\\\/musique-47.com\\\/#website\",\"url\":\"https:\\\/\\\/musique-47.com\\\/\",\"name\":\"Musique de chambre et orchestres\",\"description\":\"Acad\u00e9mie du 11 au 19 ao\u00fbt 2023\",\"publisher\":{\"@id\":\"https:\\\/\\\/musique-47.com\\\/#organization\"},\"potentialAction\":[{\"@type\":\"SearchAction\",\"target\":{\"@type\":\"EntryPoint\",\"urlTemplate\":\"https:\\\/\\\/musique-47.com\\\/?s={search_term_string}\"},\"query-input\":{\"@type\":\"PropertyValueSpecification\",\"valueRequired\":true,\"valueName\":\"search_term_string\"}}],\"inLanguage\":\"fr-FR\"},{\"@type\":\"Organization\",\"@id\":\"https:\\\/\\\/musique-47.com\\\/#organization\",\"name\":\"Ensemble Pierre Taconne\",\"url\":\"https:\\\/\\\/musique-47.com\\\/\",\"logo\":{\"@type\":\"ImageObject\",\"inLanguage\":\"fr-FR\",\"@id\":\"https:\\\/\\\/musique-47.com\\\/#\\\/schema\\\/logo\\\/image\\\/\",\"url\":\"https:\\\/\\\/musique-47.com\\\/wp-content\\\/uploads\\\/2023\\\/02\\\/cropped-Logo-EPT.png\",\"contentUrl\":\"https:\\\/\\\/musique-47.com\\\/wp-content\\\/uploads\\\/2023\\\/02\\\/cropped-Logo-EPT.png\",\"width\":77,\"height\":103,\"caption\":\"Ensemble Pierre Taconne\"},\"image\":{\"@id\":\"https:\\\/\\\/musique-47.com\\\/#\\\/schema\\\/logo\\\/image\\\/\"},\"sameAs\":[\"https:\\\/\\\/www.facebook.com\\\/StagedeMusique47\\\/\"]}]}<\/script>\n<!-- \/ Yoast SEO plugin. -->","yoast_head_json":{"title":"La colophane Fran\u00e7aise - Musique de chambre et orchestres","robots":{"index":"index","follow":"follow","max-snippet":"max-snippet:-1","max-image-preview":"max-image-preview:large","max-video-preview":"max-video-preview:-1"},"canonical":"https:\/\/musique-47.com\/index.php\/la-colophane-francaise\/","og_locale":"fr_FR","og_type":"article","og_title":"La colophane Fran\u00e7aise - Musique de chambre et orchestres","og_description":"Bonjour \u00e0 toutes et \u00e0 tous,Je me pr\u00e9sente: Sylvain Gobeil, producteur de colophanes naturelles sous le nom Gemme Expert. Je suis franco-qu\u00e9b\u00e9cois, install\u00e9 sur le bassin d\u2019Arcachon, et j\u2019ai longtemps v\u00e9cu au Canada. J\u2019ai exerc\u00e9 divers m\u00e9tiers, mais c\u2019est en participant \u00e0 la relance du gemmage en Aquitaine (l\u2019extraction artisanale de la r\u00e9sine des pins) [&hellip;]","og_url":"https:\/\/musique-47.com\/index.php\/la-colophane-francaise\/","og_site_name":"Musique de chambre et orchestres","article_publisher":"https:\/\/www.facebook.com\/StagedeMusique47\/","article_modified_time":"2026-03-20T22:33:02+00:00","og_image":[{"url":"https:\/\/musique-47.com\/wp-content\/uploads\/2026\/03\/Gemme-Expert.png","width":998,"height":937,"type":"image\/png"}],"twitter_card":"summary_large_image","twitter_misc":{"Dur\u00e9e de lecture estim\u00e9e":"2 minutes"},"schema":{"@context":"https:\/\/schema.org","@graph":[{"@type":"WebPage","@id":"https:\/\/musique-47.com\/index.php\/la-colophane-francaise\/","url":"https:\/\/musique-47.com\/index.php\/la-colophane-francaise\/","name":"La colophane Fran\u00e7aise - Musique de chambre et orchestres","isPartOf":{"@id":"https:\/\/musique-47.com\/#website"},"primaryImageOfPage":{"@id":"https:\/\/musique-47.com\/index.php\/la-colophane-francaise\/#primaryimage"},"image":{"@id":"https:\/\/musique-47.com\/index.php\/la-colophane-francaise\/#primaryimage"},"thumbnailUrl":"https:\/\/musique-47.com\/wp-content\/uploads\/2026\/03\/Gemme-Expert.png","datePublished":"2026-03-12T09:44:51+00:00","dateModified":"2026-03-20T22:33:02+00:00","breadcrumb":{"@id":"https:\/\/musique-47.com\/index.php\/la-colophane-francaise\/#breadcrumb"},"inLanguage":"fr-FR","potentialAction":[{"@type":"ReadAction","target":["https:\/\/musique-47.com\/index.php\/la-colophane-francaise\/"]}]},{"@type":"ImageObject","inLanguage":"fr-FR","@id":"https:\/\/musique-47.com\/index.php\/la-colophane-francaise\/#primaryimage","url":"https:\/\/musique-47.com\/wp-content\/uploads\/2026\/03\/Gemme-Expert.png","contentUrl":"https:\/\/musique-47.com\/wp-content\/uploads\/2026\/03\/Gemme-Expert.png","width":998,"height":937},{"@type":"BreadcrumbList","@id":"https:\/\/musique-47.com\/index.php\/la-colophane-francaise\/#breadcrumb","itemListElement":[{"@type":"ListItem","position":1,"name":"Accueil","item":"https:\/\/musique-47.com\/"},{"@type":"ListItem","position":2,"name":"La colophane Fran\u00e7aise"}]},{"@type":"WebSite","@id":"https:\/\/musique-47.com\/#website","url":"https:\/\/musique-47.com\/","name":"Musique de chambre et orchestres","description":"Acad\u00e9mie du 11 au 19 ao\u00fbt 2023","publisher":{"@id":"https:\/\/musique-47.com\/#organization"},"potentialAction":[{"@type":"SearchAction","target":{"@type":"EntryPoint","urlTemplate":"https:\/\/musique-47.com\/?s={search_term_string}"},"query-input":{"@type":"PropertyValueSpecification","valueRequired":true,"valueName":"search_term_string"}}],"inLanguage":"fr-FR"},{"@type":"Organization","@id":"https:\/\/musique-47.com\/#organization","name":"Ensemble Pierre Taconne","url":"https:\/\/musique-47.com\/","logo":{"@type":"ImageObject","inLanguage":"fr-FR","@id":"https:\/\/musique-47.com\/#\/schema\/logo\/image\/","url":"https:\/\/musique-47.com\/wp-content\/uploads\/2023\/02\/cropped-Logo-EPT.png","contentUrl":"https:\/\/musique-47.com\/wp-content\/uploads\/2023\/02\/cropped-Logo-EPT.png","width":77,"height":103,"caption":"Ensemble Pierre Taconne"},"image":{"@id":"https:\/\/musique-47.com\/#\/schema\/logo\/image\/"},"sameAs":["https:\/\/www.facebook.com\/StagedeMusique47\/"]}]}},"_links":{"self":[{"href":"https:\/\/musique-47.com\/index.php\/wp-json\/wp\/v2\/pages\/2199","targetHints":{"allow":["GET"]}}],"collection":[{"href":"https:\/\/musique-47.com\/index.php\/wp-json\/wp\/v2\/pages"}],"about":[{"href":"https:\/\/musique-47.com\/index.php\/wp-json\/wp\/v2\/types\/page"}],"author":[{"embeddable":true,"href":"https:\/\/musique-47.com\/index.php\/wp-json\/wp\/v2\/users\/2"}],"replies":[{"embeddable":true,"href":"https:\/\/musique-47.com\/index.php\/wp-json\/wp\/v2\/comments?post=2199"}],"version-history":[{"count":32,"href":"https:\/\/musique-47.com\/index.php\/wp-json\/wp\/v2\/pages\/2199\/revisions"}],"predecessor-version":[{"id":2363,"href":"https:\/\/musique-47.com\/index.php\/wp-json\/wp\/v2\/pages\/2199\/revisions\/2363"}],"wp:attachment":[{"href":"https:\/\/musique-47.com\/index.php\/wp-json\/wp\/v2\/media?parent=2199"}],"curies":[{"name":"wp","href":"https:\/\/api.w.org\/{rel}","templated":true}]}}